{"id":2003,"date":"2021-02-10T16:19:32","date_gmt":"2021-02-10T19:19:32","guid":{"rendered":"https:\/\/fortflex.com.br\/loja\/?post_type=product&#038;p=2003"},"modified":"2021-07-02T10:00:54","modified_gmt":"2021-07-02T13:00:54","slug":"cadeira-giratoria-3-000-relax-base-preta","status":"publish","type":"product","link":"https:\/\/fortflex.com.br\/loja\/produto\/cadeira-giratoria-3-000-relax-base-preta\/","title":{"rendered":"Cadeira Girat\u00f3ria 3.000- EC (Relax\/Base Preta)"},"content":{"rendered":"<p>\u2013 Assento e Encosto em espuma poliuretano injetada (Espessura 55mm)<br \/>\n\u2013 Encosto Alto Presidente<br \/>\n\u2013 Base girat\u00f3ria em a\u00e7o com capa preta<br \/>\n\u2013 Mecanismo Relax<br \/>\n\u2013 Rod\u00edzios em PP<br \/>\n\u2013 Inclina\u00e7\u00e3o no encosto com bloqueio em 1 posi\u00e7\u00e3o<br \/>\n\u2013 Regulagem de altura do assento a g\u00e1s<br \/>\n\u2013 Revestimento em diversas op\u00e7\u00f5es<br \/>\n\u2013 Bra\u00e7os fixo ou regul\u00e1vel em altura, acabamento preto em PP.<br \/>\n\u2013 Peso m\u00e1ximo suportado: 120kg<br \/>\nGarantia: 12 meses<\/p>\n<p>Medidas:<br \/>\nEncosto: 465mm larg. x 620mm alt.<br \/>\nAlt. encosto: 1050mm m\u00edn. x 1150mm m\u00e1x.<br \/>\nAssento: 490 mm larg. x 480mm prof.<br \/>\nAlt. assento: 455mm m\u00edn. x 550mm m\u00e1x.<\/p>\n<p>&#8211; O prazo de envio do seu pedido fica em <strong>at\u00e9 30 dias corridos<\/strong> ap\u00f3s a confirma\u00e7\u00e3o do pagamento. Pedidos aprovados ap\u00f3s \u00e0s 17:30h, nos finais de semana ou feriados, come\u00e7am a contar o prazo somente no segundo dia \u00fatil subsequente.<br \/>\nMaiores informa\u00e7\u00f5es entre em contato conosco.<br \/>\nInstru\u00e7\u00f5es de limpeza: n\u00e3o utilizar produtos abrasivos, limpar com flanela ou pano \u00famido e sab\u00e3o neutro.<br \/>\n-Produto Nacional.<br \/>\n-Imagens meramente ilustrativas<br \/>\n&#8211; Montagem feita pelo cliente ou entrar em contato por email ou whatsapp para cadeiras montadas.<\/p>\n","protected":false},"excerpt":{"rendered":"<p>\u2013 Assento e Encosto em espuma poliuretano injetada (Espessura 55mm) \u2013 Encosto Alto Presidente \u2013 Base girat\u00f3ria em a\u00e7o com capa preta \u2013 Mecanismo Relax \u2013 Rod\u00edzios em PP \u2013 Inclina\u00e7\u00e3o no encosto com bloqueio em 1 posi\u00e7\u00e3o \u2013 Regulagem de altura do assento a g\u00e1s \u2013 Revestimento em diversas op\u00e7\u00f5es \u2013 Bra\u00e7os fixo ou [&#8230;]\n","protected":false},"featured_media":2005,"template":"","meta":[],"product_cat":[109],"product_tag":[],"_links":{"self":[{"href":"https:\/\/fortflex.com.br\/loja\/wp-json\/wp\/v2\/product\/2003"}],"collection":[{"href":"https:\/\/fortflex.com.br\/loja\/wp-json\/wp\/v2\/product"}],"about":[{"href":"https:\/\/fortflex.com.br\/loja\/wp-json\/wp\/v2\/types\/product"}],"wp:featuredmedia":[{"embeddable":true,"href":"https:\/\/fortflex.com.br\/loja\/wp-json\/wp\/v2\/media\/2005"}],"wp:attachment":[{"href":"https:\/\/fortflex.com.br\/loja\/wp-json\/wp\/v2\/media?parent=2003"}],"wp:term":[{"taxonomy":"product_cat","embeddable":true,"href":"https:\/\/fortflex.com.br\/loja\/wp-json\/wp\/v2\/product_cat?post=2003"},{"taxonomy":"product_tag","embeddable":true,"href":"https:\/\/fortflex.com.br\/loja\/wp-json\/wp\/v2\/product_tag?post=2003"}],"curies":[{"name":"wp","href":"https:\/\/api.w.org\/{rel}","templated":true}]}}